{"id":144,"date":"2021-05-11T05:31:46","date_gmt":"2021-05-11T05:31:46","guid":{"rendered":"https:\/\/pruebaskitwp2.premm.es\/rooms-2\/"},"modified":"2023-05-17T14:32:52","modified_gmt":"2023-05-17T12:32:52","slug":"colaboradores","status":"publish","type":"page","link":"https:\/\/jimenez-campillo.com\/en\/colaboradores","title":{"rendered":"Collaborators"},"content":{"rendered":"<div data-elementor-type=\"wp-page\" data-elementor-id=\"144\" class=\"elementor elementor-144\">\n\t\t\t\t\t\t<section class=\"elementor-section elementor-top-section elementor-element elementor-element-be17ba7 elementor-section-boxed elementor-section-height-default elementor-section-height-default\" data-id=\"be17ba7\" data-element_type=\"section\" data-e-type=\"section\" data-settings=\"{&quot;background_background&quot;:&quot;classic&quot;}\">\n\t\t\t\t\t\t\t<div class=\"elementor-background-overlay\"><\/div>\n\t\t\t\t\t\t\t<div class=\"elementor-container elementor-column-gap-default\">\n\t\t\t\t\t<div class=\"elementor-column elementor-col-100 elementor-top-column elementor-element elementor-element-4ee5b36\" data-id=\"4ee5b36\" data-element_type=\"column\" data-e-type=\"column\">\n\t\t\t<div class=\"elementor-widget-wrap elementor-element-populated\">\n\t\t\t\t\t\t<div class=\"elementor-element elementor-element-b707b08 elementor-widget elementor-widget-heading\" data-id=\"b707b08\" data-element_type=\"widget\" data-e-type=\"widget\" data-widget_type=\"heading.default\">\n\t\t\t\t<div class=\"elementor-widget-container\">\n\t\t\t\t\t<h1 class=\"elementor-heading-title elementor-size-default\">Our team<\/h1>\t\t\t\t<\/div>\n\t\t\t\t<\/div>\n\t\t\t\t<div class=\"elementor-element elementor-element-5915bb4 elementor-widget elementor-widget-text-editor\" data-id=\"5915bb4\" data-element_type=\"widget\" data-e-type=\"widget\" data-widget_type=\"text-editor.default\">\n\t\t\t\t<div class=\"elementor-widget-container\">\n\t\t\t\t\t\t\t\t\t<p>Experience and excellence in each member of our team.<\/p>\t\t\t\t\t\t\t\t<\/div>\n\t\t\t\t<\/div>\n\t\t\t\t\t<\/div>\n\t\t<\/div>\n\t\t\t\t\t<\/div>\n\t\t<\/section>\n\t\t\t\t<section class=\"elementor-section elementor-top-section elementor-element elementor-element-3b3cba2 elementor-section-boxed elementor-section-height-default elementor-section-height-default\" data-id=\"3b3cba2\" data-element_type=\"section\" data-e-type=\"section\">\n\t\t\t\t\t\t<div class=\"elementor-container elementor-column-gap-default\">\n\t\t\t\t\t<div class=\"elementor-column elementor-col-100 elementor-top-column elementor-element elementor-element-3c6715b\" data-id=\"3c6715b\" data-element_type=\"column\" data-e-type=\"column\">\n\t\t\t<div class=\"elementor-widget-wrap elementor-element-populated\">\n\t\t\t\t\t\t<section class=\"elementor-section elementor-inner-section elementor-element elementor-element-9e5d16b elementor-section-boxed elementor-section-height-default elementor-section-height-default\" data-id=\"9e5d16b\" data-element_type=\"section\" data-e-type=\"section\">\n\t\t\t\t\t\t<div class=\"elementor-container elementor-column-gap-default\">\n\t\t\t\t\t<div class=\"elementor-column elementor-col-50 elementor-inner-column elementor-element elementor-element-2fe4217\" data-id=\"2fe4217\" data-element_type=\"column\" data-e-type=\"column\">\n\t\t\t<div class=\"elementor-widget-wrap elementor-element-populated\">\n\t\t\t\t\t\t<div class=\"elementor-element elementor-element-62d3c1f elementor-widget elementor-widget-image\" data-id=\"62d3c1f\" data-element_type=\"widget\" data-e-type=\"widget\" data-widget_type=\"image.default\">\n\t\t\t\t<div class=\"elementor-widget-container\">\n\t\t\t\t\t\t\t\t\t\t\t\t\t\t\t<img fetchpriority=\"high\" decoding=\"async\" width=\"1000\" height=\"954\" src=\"https:\/\/jimenez-campillo.com\/wp-content\/uploads\/2023\/05\/Gabriel-Jimenez.jpg\" class=\"attachment-large size-large wp-image-583\" alt=\"\" srcset=\"https:\/\/jimenez-campillo.com\/wp-content\/uploads\/2023\/05\/Gabriel-Jimenez.jpg 1000w, https:\/\/jimenez-campillo.com\/wp-content\/uploads\/2023\/05\/Gabriel-Jimenez-300x286.jpg 300w, https:\/\/jimenez-campillo.com\/wp-content\/uploads\/2023\/05\/Gabriel-Jimenez-768x733.jpg 768w\" sizes=\"(max-width: 1000px) 100vw, 1000px\" \/>\t\t\t\t\t\t\t\t\t\t\t\t\t\t\t<\/div>\n\t\t\t\t<\/div>\n\t\t\t\t\t<\/div>\n\t\t<\/div>\n\t\t\t\t<div class=\"elementor-column elementor-col-50 elementor-inner-column elementor-element elementor-element-6071ca0\" data-id=\"6071ca0\" data-element_type=\"column\" data-e-type=\"column\" data-settings=\"{&quot;background_background&quot;:&quot;classic&quot;}\">\n\t\t\t<div class=\"elementor-widget-wrap elementor-element-populated\">\n\t\t\t\t\t\t<div class=\"elementor-element elementor-element-bfdf4f0 elementor-widget elementor-widget-heading\" data-id=\"bfdf4f0\" data-element_type=\"widget\" data-e-type=\"widget\" data-widget_type=\"heading.default\">\n\t\t\t\t<div class=\"elementor-widget-container\">\n\t\t\t\t\t<h3 class=\"elementor-heading-title elementor-size-large\">Gabriel Jim\u00e9nez Campillo<\/h3>\t\t\t\t<\/div>\n\t\t\t\t<\/div>\n\t\t\t\t<div class=\"elementor-element elementor-element-589f4ec elementor-widget elementor-widget-heading\" data-id=\"589f4ec\" data-element_type=\"widget\" data-e-type=\"widget\" data-widget_type=\"heading.default\">\n\t\t\t\t<div class=\"elementor-widget-container\">\n\t\t\t\t\t<span class=\"elementor-heading-title elementor-size-small\">Licenciado en Derecho por la Universidad Complutense de Madrid y con una amplia experiencia en el sector jur\u00eddico de m\u00e1s de 40 a\u00f1os.\n\n\nExperto en Derecho Bancario, Inmobiliario Registral e Hipotecario y Procesal, lo que le ha permitido asesorar a empresas, entidades financieras, compa\u00f1\u00edas de seguros y particulares a lo largo de su carrera. Desde hace m\u00e1s de 20 a\u00f1os, su despacho ha sido asesor externo de diversas entidades bancarias y son especialistas en materia de derecho concursal, contrataci\u00f3n mercantil y derecho societario.\n\nAdem\u00e1s de su exitosa carrera en el sector privado, Gabriel tambi\u00e9n ha prestado asesoramiento a Entidades Locales de la provincia de La Rioja. Fue Decano del Ilustre Colegio de Abogados de La Rioja durante el per\u00edodo de 1990 a 1999. Como socio fundador del despacho Jim\u00e9nez-Campillo &amp; Asociados, Gabriel se dedica a brindar soluciones legales efectivas y eficientes para cada uno de sus clientes, comprometido con su \u00e9xito legal.<\/span>\t\t\t\t<\/div>\n\t\t\t\t<\/div>\n\t\t\t\t\t<\/div>\n\t\t<\/div>\n\t\t\t\t\t<\/div>\n\t\t<\/section>\n\t\t\t\t<div class=\"elementor-element elementor-element-21c57c7 elementor-widget elementor-widget-spacer\" data-id=\"21c57c7\" data-element_type=\"widget\" data-e-type=\"widget\" data-widget_type=\"spacer.default\">\n\t\t\t\t<div class=\"elementor-widget-container\">\n\t\t\t\t\t\t\t<div class=\"elementor-spacer\">\n\t\t\t<div class=\"elementor-spacer-inner\"><\/div>\n\t\t<\/div>\n\t\t\t\t\t\t<\/div>\n\t\t\t\t<\/div>\n\t\t\t\t<section class=\"elementor-section elementor-inner-section elementor-element elementor-element-94c1a45 elementor-section-boxed elementor-section-height-default elementor-section-height-default\" data-id=\"94c1a45\" data-element_type=\"section\" data-e-type=\"section\">\n\t\t\t\t\t\t<div class=\"elementor-container elementor-column-gap-default\">\n\t\t\t\t\t<div class=\"elementor-column elementor-col-50 elementor-inner-column elementor-element elementor-element-f5d4583\" data-id=\"f5d4583\" data-element_type=\"column\" data-e-type=\"column\">\n\t\t\t<div class=\"elementor-widget-wrap elementor-element-populated\">\n\t\t\t\t\t\t<div class=\"elementor-element elementor-element-7980423 elementor-widget elementor-widget-image\" data-id=\"7980423\" data-element_type=\"widget\" data-e-type=\"widget\" data-widget_type=\"image.default\">\n\t\t\t\t<div class=\"elementor-widget-container\">\n\t\t\t\t\t\t\t\t\t\t\t\t\t\t\t<img decoding=\"async\" width=\"1000\" height=\"918\" src=\"https:\/\/jimenez-campillo.com\/wp-content\/uploads\/2023\/05\/Leticia-Jimenez-1.jpg\" class=\"attachment-large size-large wp-image-584\" alt=\"\" srcset=\"https:\/\/jimenez-campillo.com\/wp-content\/uploads\/2023\/05\/Leticia-Jimenez-1.jpg 1000w, https:\/\/jimenez-campillo.com\/wp-content\/uploads\/2023\/05\/Leticia-Jimenez-1-300x275.jpg 300w, https:\/\/jimenez-campillo.com\/wp-content\/uploads\/2023\/05\/Leticia-Jimenez-1-768x705.jpg 768w\" sizes=\"(max-width: 1000px) 100vw, 1000px\" \/>\t\t\t\t\t\t\t\t\t\t\t\t\t\t\t<\/div>\n\t\t\t\t<\/div>\n\t\t\t\t\t<\/div>\n\t\t<\/div>\n\t\t\t\t<div class=\"elementor-column elementor-col-50 elementor-inner-column elementor-element elementor-element-3e93156\" data-id=\"3e93156\" data-element_type=\"column\" data-e-type=\"column\">\n\t\t\t<div class=\"elementor-widget-wrap elementor-element-populated\">\n\t\t\t\t\t\t<div class=\"elementor-element elementor-element-f26fe56 elementor-widget elementor-widget-heading\" data-id=\"f26fe56\" data-element_type=\"widget\" data-e-type=\"widget\" data-widget_type=\"heading.default\">\n\t\t\t\t<div class=\"elementor-widget-container\">\n\t\t\t\t\t<h3 class=\"elementor-heading-title elementor-size-large\">Leticia Jim\u00e9nez V\u00e1quez<\/h3>\t\t\t\t<\/div>\n\t\t\t\t<\/div>\n\t\t\t\t<div class=\"elementor-element elementor-element-3c880b2 elementor-widget elementor-widget-heading\" data-id=\"3c880b2\" data-element_type=\"widget\" data-e-type=\"widget\" data-widget_type=\"heading.default\">\n\t\t\t\t<div class=\"elementor-widget-container\">\n\t\t\t\t\t<span class=\"elementor-heading-title elementor-size-small\">Leticia Jim\u00e9nez es una destacada abogada especializada en Derecho Comunitario y de la Competencia, Derecho Bancario y de Sociedades y Procesal. Se gradu\u00f3 en la Universidad Navarra en 1999 y obtuvo su M\u00e1ster en Derecho de la Uni\u00f3n Europea en la Universidad Carlos III de Madrid en 2000.\n\nDurante su carrera, Leticia ha trabajado como colaboradora en el prestigioso despacho Ashurt Morris Crisp en Madrid durante aproximadamente un a\u00f1o entre 2002 y 2003. Desde entonces, ha sido miembro del Ilustre Colegio de Abogados de Madrid y actualmente del Ilustre Colegio de Abogados de La Rioja.\n\nCon un alto nivel de ingl\u00e9s, Leticia es experta en Derecho de Sucesiones y Derecho de Responsabilidad Civil, lo que le ha permitido brindar asesoramiento legal efectivo a sus clientes en estas \u00e1reas. Como uno de los socios del despacho Jim\u00e9nez-Campillo &amp; Asociados, Leticia est\u00e1 comprometida con proporcionar soluciones legales personalizadas y efectivas para cada uno de sus clientes, asegurando su \u00e9xito en cualquier asunto legal en el que est\u00e9n involucrados.<\/span>\t\t\t\t<\/div>\n\t\t\t\t<\/div>\n\t\t\t\t\t<\/div>\n\t\t<\/div>\n\t\t\t\t\t<\/div>\n\t\t<\/section>\n\t\t\t\t\t<\/div>\n\t\t<\/div>\n\t\t\t\t\t<\/div>\n\t\t<\/section>\n\t\t\t\t<section class=\"elementor-section elementor-top-section elementor-element elementor-element-c559c08 elementor-section-boxed elementor-section-height-default elementor-section-height-default\" data-id=\"c559c08\" data-element_type=\"section\" data-e-type=\"section\">\n\t\t\t\t\t\t<div class=\"elementor-container elementor-column-gap-default\">\n\t\t\t\t\t<div class=\"elementor-column elementor-col-100 elementor-top-column elementor-element elementor-element-7fac480\" data-id=\"7fac480\" data-element_type=\"column\" data-e-type=\"column\">\n\t\t\t<div class=\"elementor-widget-wrap elementor-element-populated\">\n\t\t\t\t\t\t<div class=\"elementor-element elementor-element-48376b7 elementor-widget elementor-widget-heading\" data-id=\"48376b7\" data-element_type=\"widget\" data-e-type=\"widget\" data-widget_type=\"heading.default\">\n\t\t\t\t<div class=\"elementor-widget-container\">\n\t\t\t\t\t<h2 class=\"elementor-heading-title elementor-size-default\">Colaboradores en Zaragoza<\/h2>\t\t\t\t<\/div>\n\t\t\t\t<\/div>\n\t\t\t\t<section class=\"elementor-section elementor-inner-section elementor-element elementor-element-fca5104 elementor-section-boxed elementor-section-height-default elementor-section-height-default\" data-id=\"fca5104\" data-element_type=\"section\" data-e-type=\"section\">\n\t\t\t\t\t\t<div class=\"elementor-container elementor-column-gap-default\">\n\t\t\t\t\t<div class=\"elementor-column elementor-col-50 elementor-inner-column elementor-element elementor-element-f27f181\" data-id=\"f27f181\" data-element_type=\"column\" data-e-type=\"column\">\n\t\t\t<div class=\"elementor-widget-wrap elementor-element-populated\">\n\t\t\t\t\t\t<div class=\"elementor-element elementor-element-39418e6 elementor-widget elementor-widget-image\" data-id=\"39418e6\" data-element_type=\"widget\" data-e-type=\"widget\" data-widget_type=\"image.default\">\n\t\t\t\t<div class=\"elementor-widget-container\">\n\t\t\t\t\t\t\t\t\t\t\t\t\t\t\t<img decoding=\"async\" width=\"768\" height=\"1170\" src=\"https:\/\/jimenez-campillo.com\/wp-content\/uploads\/2023\/05\/Jose-Sanz.jpg\" class=\"attachment-medium_large size-medium_large wp-image-704\" alt=\"\" srcset=\"https:\/\/jimenez-campillo.com\/wp-content\/uploads\/2023\/05\/Jose-Sanz.jpg 768w, https:\/\/jimenez-campillo.com\/wp-content\/uploads\/2023\/05\/Jose-Sanz-197x300.jpg 197w, https:\/\/jimenez-campillo.com\/wp-content\/uploads\/2023\/05\/Jose-Sanz-672x1024.jpg 672w\" sizes=\"(max-width: 768px) 100vw, 768px\" \/>\t\t\t\t\t\t\t\t\t\t\t\t\t\t\t<\/div>\n\t\t\t\t<\/div>\n\t\t\t\t\t<\/div>\n\t\t<\/div>\n\t\t\t\t<div class=\"elementor-column elementor-col-50 elementor-inner-column elementor-element elementor-element-12fa73b\" data-id=\"12fa73b\" data-element_type=\"column\" data-e-type=\"column\" data-settings=\"{&quot;background_background&quot;:&quot;classic&quot;}\">\n\t\t\t<div class=\"elementor-widget-wrap elementor-element-populated\">\n\t\t\t\t\t\t<div class=\"elementor-element elementor-element-313aa63 elementor-widget elementor-widget-heading\" data-id=\"313aa63\" data-element_type=\"widget\" data-e-type=\"widget\" data-widget_type=\"heading.default\">\n\t\t\t\t<div class=\"elementor-widget-container\">\n\t\t\t\t\t<h3 class=\"elementor-heading-title elementor-size-large\">Jos\u00e9 Sanz Romero<\/h3>\t\t\t\t<\/div>\n\t\t\t\t<\/div>\n\t\t\t\t<div class=\"elementor-element elementor-element-1385046 elementor-widget elementor-widget-heading\" data-id=\"1385046\" data-element_type=\"widget\" data-e-type=\"widget\" data-widget_type=\"heading.default\">\n\t\t\t\t<div class=\"elementor-widget-container\">\n\t\t\t\t\t<span class=\"elementor-heading-title elementor-size-small\">Licenciado en Derecho por la Universidad de Zaragoza, curs\u00f3 su ultimo a\u00f1o en la Universidad de Wroclaw en Polonia. Con una amplia experiencia en el \u00e1rea de Derecho Bancario, Inmobiliario Registral e Hipotecario y Procesal, ha colaborado con varias entidades financieras desde su colegiaci\u00f3n en el R. e I Colegio de Abogados de Zaragoza (REICAZ) con n\u00famero 5070 en el a\u00f1o 2006.\n\nEspecialista en la llevanza de diferentes expedientes judiciales asignados al despacho, principalmente en su actualizaci\u00f3n y puesta al d\u00eda. Adem\u00e1s, cuenta con un alto dominio del idioma ingl\u00e9s, lo que le permite asesorar a clientes internacionales.<\/span>\t\t\t\t<\/div>\n\t\t\t\t<\/div>\n\t\t\t\t<div class=\"elementor-element elementor-element-f37183a elementor-widget elementor-widget-heading\" data-id=\"f37183a\" data-element_type=\"widget\" data-e-type=\"widget\" data-widget_type=\"heading.default\">\n\t\t\t\t<div class=\"elementor-widget-container\">\n\t\t\t\t\t<h3 class=\"elementor-heading-title elementor-size-large\">Jos\u00e9 Sanz Gast\u00f3n<\/h3>\t\t\t\t<\/div>\n\t\t\t\t<\/div>\n\t\t\t\t<div class=\"elementor-element elementor-element-1f7f20e elementor-widget__width-initial elementor-widget elementor-widget-heading\" data-id=\"1f7f20e\" data-element_type=\"widget\" data-e-type=\"widget\" data-widget_type=\"heading.default\">\n\t\t\t\t<div class=\"elementor-widget-container\">\n\t\t\t\t\t<span class=\"elementor-heading-title elementor-size-small\">Jos\u00e9 Sanz Gast\u00f3n es un abogado colegiado en el R. e I. Colegio de Abogados de Zaragoza desde el a\u00f1o 1977, con el n\u00famero 1254. Su carrera profesional comenz\u00f3 preparando oposiciones a Notar\u00eda durante cuatro a\u00f1os, desde 1973 hasta 1977. \nDespu\u00e9s de completar su formaci\u00f3n, trabaj\u00f3 en diferentes empresas desempe\u00f1ando funciones legales. Durante dos a\u00f1os, desde 1977 hasta 1979, fue empleado de una empresa de distribuci\u00f3n de alimentos a nivel nacional, donde ejerci\u00f3 como letrado y secretario del consejo de administraci\u00f3n. Posteriormente, durante otros dos a\u00f1os, desde 1979 hasta 1981, fue empleado de una empresa promotora e inmobiliaria de \u00e1mbito regional, donde tambi\u00e9n desempe\u00f1\u00f3 funciones de letrado. \nEn 1981 fund\u00f3 su propio despacho dedicado al asesoramiento de empresas y la actuaci\u00f3n en Tribunales. Desde 1996 ha sido abogado externo de entidades bancarias, defendiendo los intereses de sus clientes en reclamaciones judiciales de cr\u00e9ditos y pr\u00e9stamos impagado<\/span>\t\t\t\t<\/div>\n\t\t\t\t<\/div>\n\t\t\t\t\t<\/div>\n\t\t<\/div>\n\t\t\t\t\t<\/div>\n\t\t<\/section>\n\t\t\t\t<div class=\"elementor-element elementor-element-940e4b4 elementor-widget elementor-widget-spacer\" data-id=\"940e4b4\" data-element_type=\"widget\" data-e-type=\"widget\" data-widget_type=\"spacer.default\">\n\t\t\t\t<div class=\"elementor-widget-container\">\n\t\t\t\t\t\t\t<div class=\"elementor-spacer\">\n\t\t\t<div class=\"elementor-spacer-inner\"><\/div>\n\t\t<\/div>\n\t\t\t\t\t\t<\/div>\n\t\t\t\t<\/div>\n\t\t\t\t<section class=\"elementor-section elementor-inner-section elementor-element elementor-element-63c4375 elementor-section-boxed elementor-section-height-default elementor-section-height-default\" data-id=\"63c4375\" data-element_type=\"section\" data-e-type=\"section\">\n\t\t\t\t\t\t<div class=\"elementor-container elementor-column-gap-default\">\n\t\t\t\t\t<div class=\"elementor-column elementor-col-50 elementor-inner-column elementor-element elementor-element-8ae0815\" data-id=\"8ae0815\" data-element_type=\"column\" data-e-type=\"column\">\n\t\t\t<div class=\"elementor-widget-wrap elementor-element-populated\">\n\t\t\t\t\t\t<div class=\"elementor-element elementor-element-6cff026 elementor-widget elementor-widget-image\" data-id=\"6cff026\" data-element_type=\"widget\" data-e-type=\"widget\" data-widget_type=\"image.default\">\n\t\t\t\t<div class=\"elementor-widget-container\">\n\t\t\t\t\t\t\t\t\t\t\t\t\t\t\t<img loading=\"lazy\" decoding=\"async\" width=\"768\" height=\"551\" src=\"https:\/\/jimenez-campillo.com\/wp-content\/uploads\/2023\/05\/Angel-Duque-e1683758118667.jpg\" class=\"attachment-medium_large size-medium_large wp-image-703\" alt=\"\" srcset=\"https:\/\/jimenez-campillo.com\/wp-content\/uploads\/2023\/05\/Angel-Duque-e1683758118667.jpg 768w, https:\/\/jimenez-campillo.com\/wp-content\/uploads\/2023\/05\/Angel-Duque-e1683758118667-300x215.jpg 300w\" sizes=\"(max-width: 768px) 100vw, 768px\" \/>\t\t\t\t\t\t\t\t\t\t\t\t\t\t\t<\/div>\n\t\t\t\t<\/div>\n\t\t\t\t\t<\/div>\n\t\t<\/div>\n\t\t\t\t<div class=\"elementor-column elementor-col-50 elementor-inner-column elementor-element elementor-element-8125954\" data-id=\"8125954\" data-element_type=\"column\" data-e-type=\"column\">\n\t\t\t<div class=\"elementor-widget-wrap elementor-element-populated\">\n\t\t\t\t\t\t<div class=\"elementor-element elementor-element-f1a3902 elementor-widget elementor-widget-heading\" data-id=\"f1a3902\" data-element_type=\"widget\" data-e-type=\"widget\" data-widget_type=\"heading.default\">\n\t\t\t\t<div class=\"elementor-widget-container\">\n\t\t\t\t\t<h3 class=\"elementor-heading-title elementor-size-large\">\u00c1ngel Duque Vitoria<\/h3>\t\t\t\t<\/div>\n\t\t\t\t<\/div>\n\t\t\t\t<div class=\"elementor-element elementor-element-a2dce97 elementor-widget elementor-widget-heading\" data-id=\"a2dce97\" data-element_type=\"widget\" data-e-type=\"widget\" id=\"angel-duque\" data-widget_type=\"heading.default\">\n\t\t\t\t<div class=\"elementor-widget-container\">\n\t\t\t\t\t<span class=\"elementor-heading-title elementor-size-small\">\u00c1ngel Duque Vitoria es Licenciado en Derecho por la Universidad de Zaragoza y experto en Derecho Bancario, Inmobiliario Registral e Hipotecario y Procesal. Desde 1999, es Socio-Director del Despacho Duque Abogados, que tiene una gran trayectoria en las \u00e1reas de Derecho Civil y Mercantil. El despacho tiene sus ra\u00edces en un despacho familiar fundado en 1942 por D. Angel Duque Barragu\u00e9s, que ha brindado gesti\u00f3n y asesoramiento a particulares, empresas y entidades bancarias. \u00c1ngel Duque Vitoria ha sido abogado externo de diferentes entidades bancarias desde 1994 y ha colaborado con D. Angel Duque Beisty desde 1991.<\/span>\t\t\t\t<\/div>\n\t\t\t\t<\/div>\n\t\t\t\t<div class=\"elementor-element elementor-element-b897356 elementor-widget elementor-widget-heading\" data-id=\"b897356\" data-element_type=\"widget\" data-e-type=\"widget\" data-widget_type=\"heading.default\">\n\t\t\t\t<div class=\"elementor-widget-container\">\n\t\t\t\t\t<span class=\"elementor-heading-title elementor-size-small\">Tel\u00e9fono: 976 20 06 33<\/span>\t\t\t\t<\/div>\n\t\t\t\t<\/div>\n\t\t\t\t\t<\/div>\n\t\t<\/div>\n\t\t\t\t\t<\/div>\n\t\t<\/section>\n\t\t\t\t<div class=\"elementor-element elementor-element-dc9edc4 elementor-widget elementor-widget-spacer\" data-id=\"dc9edc4\" data-element_type=\"widget\" data-e-type=\"widget\" data-widget_type=\"spacer.default\">\n\t\t\t\t<div class=\"elementor-widget-container\">\n\t\t\t\t\t\t\t<div class=\"elementor-spacer\">\n\t\t\t<div class=\"elementor-spacer-inner\"><\/div>\n\t\t<\/div>\n\t\t\t\t\t\t<\/div>\n\t\t\t\t<\/div>\n\t\t\t\t<div class=\"elementor-element elementor-element-dc7bb11 elementor-widget elementor-widget-heading\" data-id=\"dc7bb11\" data-element_type=\"widget\" data-e-type=\"widget\" data-widget_type=\"heading.default\">\n\t\t\t\t<div class=\"elementor-widget-container\">\n\t\t\t\t\t<h2 class=\"elementor-heading-title elementor-size-default\">Colaboradores en Teruel <\/h2>\t\t\t\t<\/div>\n\t\t\t\t<\/div>\n\t\t\t\t<section class=\"elementor-section elementor-inner-section elementor-element elementor-element-b953c24 elementor-section-boxed elementor-section-height-default elementor-section-height-default\" data-id=\"b953c24\" data-element_type=\"section\" data-e-type=\"section\">\n\t\t\t\t\t\t<div class=\"elementor-container elementor-column-gap-default\">\n\t\t\t\t\t<div class=\"elementor-column elementor-col-50 elementor-inner-column elementor-element elementor-element-aad8d61\" data-id=\"aad8d61\" data-element_type=\"column\" data-e-type=\"column\">\n\t\t\t<div class=\"elementor-widget-wrap elementor-element-populated\">\n\t\t\t\t\t\t<div class=\"elementor-element elementor-element-3ae7245 elementor-widget elementor-widget-image\" data-id=\"3ae7245\" data-element_type=\"widget\" data-e-type=\"widget\" data-widget_type=\"image.default\">\n\t\t\t\t<div class=\"elementor-widget-container\">\n\t\t\t\t\t\t\t\t\t\t\t\t\t\t\t<img loading=\"lazy\" decoding=\"async\" width=\"557\" height=\"404\" src=\"https:\/\/jimenez-campillo.com\/wp-content\/uploads\/2023\/05\/Manuel-Gomez-1-e1683721870293.jpg\" class=\"attachment-large size-large wp-image-770\" alt=\"\" srcset=\"https:\/\/jimenez-campillo.com\/wp-content\/uploads\/2023\/05\/Manuel-Gomez-1-e1683721870293.jpg 557w, https:\/\/jimenez-campillo.com\/wp-content\/uploads\/2023\/05\/Manuel-Gomez-1-e1683721870293-300x218.jpg 300w\" sizes=\"(max-width: 557px) 100vw, 557px\" \/>\t\t\t\t\t\t\t\t\t\t\t\t\t\t\t<\/div>\n\t\t\t\t<\/div>\n\t\t\t\t\t<\/div>\n\t\t<\/div>\n\t\t\t\t<div class=\"elementor-column elementor-col-50 elementor-inner-column elementor-element elementor-element-6fa0c9f\" data-id=\"6fa0c9f\" data-element_type=\"column\" data-e-type=\"column\" data-settings=\"{&quot;background_background&quot;:&quot;classic&quot;}\">\n\t\t\t<div class=\"elementor-widget-wrap elementor-element-populated\">\n\t\t\t\t\t\t<div class=\"elementor-element elementor-element-da9ed11 elementor-widget elementor-widget-heading\" data-id=\"da9ed11\" data-element_type=\"widget\" data-e-type=\"widget\" data-widget_type=\"heading.default\">\n\t\t\t\t<div class=\"elementor-widget-container\">\n\t\t\t\t\t<h3 class=\"elementor-heading-title elementor-size-large\">Manuel G\u00f3mez Palmeiro<\/h3>\t\t\t\t<\/div>\n\t\t\t\t<\/div>\n\t\t\t\t<div class=\"elementor-element elementor-element-70a76f8 elementor-widget elementor-widget-heading\" data-id=\"70a76f8\" data-element_type=\"widget\" data-e-type=\"widget\" data-widget_type=\"heading.default\">\n\t\t\t\t<div class=\"elementor-widget-container\">\n\t\t\t\t\t<span class=\"elementor-heading-title elementor-size-small\">Manuel G\u00f3mez se ha especializado en Derecho Civil, Derecho Foral Aragon\u00e9s, Arrendamientos y Derecho Laboral desde que comenz\u00f3 su trayectoria profesional en 1972. Adem\u00e1s, ha escrito varios libros y manuscritos, como \"El proceso ejercitando la acci\u00f3n derivada del derecho de abolorio o de la saca\" en el volumen 1 del libro \"Estudios sobre derecho procesal\" y \"R\u00e9gimen de luces y visitas en la compilaci\u00f3n del Derecho Civil Aragon\u00e9s\" en el volumen 6 del libro \"Derechos civiles de Espa\u00f1a\".<\/span>\t\t\t\t<\/div>\n\t\t\t\t<\/div>\n\t\t\t\t<div class=\"elementor-element elementor-element-8f6befc elementor-widget elementor-widget-heading\" data-id=\"8f6befc\" data-element_type=\"widget\" data-e-type=\"widget\" data-widget_type=\"heading.default\">\n\t\t\t\t<div class=\"elementor-widget-container\">\n\t\t\t\t\t<span class=\"elementor-heading-title elementor-size-small\">manuel@gomezgomezae.com<\/span>\t\t\t\t<\/div>\n\t\t\t\t<\/div>\n\t\t\t\t\t<\/div>\n\t\t<\/div>\n\t\t\t\t\t<\/div>\n\t\t<\/section>\n\t\t\t\t<div class=\"elementor-element elementor-element-a6c705e elementor-widget elementor-widget-spacer\" data-id=\"a6c705e\" data-element_type=\"widget\" data-e-type=\"widget\" data-widget_type=\"spacer.default\">\n\t\t\t\t<div class=\"elementor-widget-container\">\n\t\t\t\t\t\t\t<div class=\"elementor-spacer\">\n\t\t\t<div class=\"elementor-spacer-inner\"><\/div>\n\t\t<\/div>\n\t\t\t\t\t\t<\/div>\n\t\t\t\t<\/div>\n\t\t\t\t<section class=\"elementor-section elementor-inner-section elementor-element elementor-element-f01ec30 elementor-section-boxed elementor-section-height-default elementor-section-height-default\" data-id=\"f01ec30\" data-element_type=\"section\" data-e-type=\"section\">\n\t\t\t\t\t\t<div class=\"elementor-container elementor-column-gap-default\">\n\t\t\t\t\t<div class=\"elementor-column elementor-col-50 elementor-inner-column elementor-element elementor-element-07d3082\" data-id=\"07d3082\" data-element_type=\"column\" data-e-type=\"column\">\n\t\t\t<div class=\"elementor-widget-wrap elementor-element-populated\">\n\t\t\t\t\t\t<div class=\"elementor-element elementor-element-00d53e8 elementor-widget elementor-widget-image\" data-id=\"00d53e8\" data-element_type=\"widget\" data-e-type=\"widget\" data-widget_type=\"image.default\">\n\t\t\t\t<div class=\"elementor-widget-container\">\n\t\t\t\t\t\t\t\t\t\t\t\t\t\t\t<img loading=\"lazy\" decoding=\"async\" width=\"558\" height=\"421\" src=\"https:\/\/jimenez-campillo.com\/wp-content\/uploads\/2023\/05\/Rodrigo-Gomez-1-e1683758282601.jpg\" class=\"attachment-large size-large wp-image-771\" alt=\"\" srcset=\"https:\/\/jimenez-campillo.com\/wp-content\/uploads\/2023\/05\/Rodrigo-Gomez-1-e1683758282601.jpg 558w, https:\/\/jimenez-campillo.com\/wp-content\/uploads\/2023\/05\/Rodrigo-Gomez-1-e1683758282601-300x226.jpg 300w\" sizes=\"(max-width: 558px) 100vw, 558px\" \/>\t\t\t\t\t\t\t\t\t\t\t\t\t\t\t<\/div>\n\t\t\t\t<\/div>\n\t\t\t\t\t<\/div>\n\t\t<\/div>\n\t\t\t\t<div class=\"elementor-column elementor-col-50 elementor-inner-column elementor-element elementor-element-3a1cca1\" data-id=\"3a1cca1\" data-element_type=\"column\" data-e-type=\"column\">\n\t\t\t<div class=\"elementor-widget-wrap elementor-element-populated\">\n\t\t\t\t\t\t<div class=\"elementor-element elementor-element-5439b13 elementor-widget elementor-widget-heading\" data-id=\"5439b13\" data-element_type=\"widget\" data-e-type=\"widget\" data-widget_type=\"heading.default\">\n\t\t\t\t<div class=\"elementor-widget-container\">\n\t\t\t\t\t<h3 class=\"elementor-heading-title elementor-size-large\">Rodrigo G\u00f3mez Garc\u00eda<\/h3>\t\t\t\t<\/div>\n\t\t\t\t<\/div>\n\t\t\t\t<div class=\"elementor-element elementor-element-434e865 elementor-widget elementor-widget-heading\" data-id=\"434e865\" data-element_type=\"widget\" data-e-type=\"widget\" data-widget_type=\"heading.default\">\n\t\t\t\t<div class=\"elementor-widget-container\">\n\t\t\t\t\t<span class=\"elementor-heading-title elementor-size-small\">Licenciado en Derecho y Econom\u00eda por la Universidad Carlos III de Madrid.\nM\u00e1ster en Mediaci\u00f3n por la Universidad CEU-Cardenal Herrera.\nCurso Superior en Derecho del F\u00fatbol por la Universidad Juan Carlos I.\nPrograma Ejecutivo en Gobernanza en el Sector P\u00fablico en ESADE.\nHa sido miembro de los Comit\u00e9s de Disciplina y Antidopaje de la Federaci\u00f3n Espa\u00f1ola de Triatl\u00f3n.<\/span>\t\t\t\t<\/div>\n\t\t\t\t<\/div>\n\t\t\t\t<div class=\"elementor-element elementor-element-494185d elementor-widget elementor-widget-heading\" data-id=\"494185d\" data-element_type=\"widget\" data-e-type=\"widget\" data-widget_type=\"heading.default\">\n\t\t\t\t<div class=\"elementor-widget-container\">\n\t\t\t\t\t<span class=\"elementor-heading-title elementor-size-small\">rodrigo@gomezgomezae.com\n<\/span>\t\t\t\t<\/div>\n\t\t\t\t<\/div>\n\t\t\t\t\t<\/div>\n\t\t<\/div>\n\t\t\t\t\t<\/div>\n\t\t<\/section>\n\t\t\t\t<div class=\"elementor-element elementor-element-ccd9aa6 elementor-widget elementor-widget-spacer\" data-id=\"ccd9aa6\" data-element_type=\"widget\" data-e-type=\"widget\" data-widget_type=\"spacer.default\">\n\t\t\t\t<div class=\"elementor-widget-container\">\n\t\t\t\t\t\t\t<div class=\"elementor-spacer\">\n\t\t\t<div class=\"elementor-spacer-inner\"><\/div>\n\t\t<\/div>\n\t\t\t\t\t\t<\/div>\n\t\t\t\t<\/div>\n\t\t\t\t<section class=\"elementor-section elementor-inner-section elementor-element elementor-element-9c8608f elementor-section-boxed elementor-section-height-default elementor-section-height-default\" data-id=\"9c8608f\" data-element_type=\"section\" data-e-type=\"section\">\n\t\t\t\t\t\t<div class=\"elementor-container elementor-column-gap-default\">\n\t\t\t\t\t<div class=\"elementor-column elementor-col-50 elementor-inner-column elementor-element elementor-element-28d14be\" data-id=\"28d14be\" data-element_type=\"column\" data-e-type=\"column\">\n\t\t\t<div class=\"elementor-widget-wrap elementor-element-populated\">\n\t\t\t\t\t\t<div class=\"elementor-element elementor-element-0eb7ab7 elementor-widget elementor-widget-image\" data-id=\"0eb7ab7\" data-element_type=\"widget\" data-e-type=\"widget\" data-widget_type=\"image.default\">\n\t\t\t\t<div class=\"elementor-widget-container\">\n\t\t\t\t\t\t\t\t\t\t\t\t\t\t\t<img loading=\"lazy\" decoding=\"async\" width=\"614\" height=\"426\" src=\"https:\/\/jimenez-campillo.com\/wp-content\/uploads\/2023\/05\/Victor-gomez-1-e1683758267174.jpg\" class=\"attachment-large size-large wp-image-772\" alt=\"\" srcset=\"https:\/\/jimenez-campillo.com\/wp-content\/uploads\/2023\/05\/Victor-gomez-1-e1683758267174.jpg 614w, https:\/\/jimenez-campillo.com\/wp-content\/uploads\/2023\/05\/Victor-gomez-1-e1683758267174-300x208.jpg 300w\" sizes=\"(max-width: 614px) 100vw, 614px\" \/>\t\t\t\t\t\t\t\t\t\t\t\t\t\t\t<\/div>\n\t\t\t\t<\/div>\n\t\t\t\t\t<\/div>\n\t\t<\/div>\n\t\t\t\t<div class=\"elementor-column elementor-col-50 elementor-inner-column elementor-element elementor-element-b2d68d2\" data-id=\"b2d68d2\" data-element_type=\"column\" data-e-type=\"column\" data-settings=\"{&quot;background_background&quot;:&quot;classic&quot;}\">\n\t\t\t<div class=\"elementor-widget-wrap elementor-element-populated\">\n\t\t\t\t\t\t<div class=\"elementor-element elementor-element-3fa9750 elementor-widget elementor-widget-heading\" data-id=\"3fa9750\" data-element_type=\"widget\" data-e-type=\"widget\" data-widget_type=\"heading.default\">\n\t\t\t\t<div class=\"elementor-widget-container\">\n\t\t\t\t\t<h3 class=\"elementor-heading-title elementor-size-large\">V\u00edctor G\u00f3mez Garc\u00eda<\/h3>\t\t\t\t<\/div>\n\t\t\t\t<\/div>\n\t\t\t\t<div class=\"elementor-element elementor-element-aa7f044 elementor-widget elementor-widget-heading\" data-id=\"aa7f044\" data-element_type=\"widget\" data-e-type=\"widget\" data-widget_type=\"heading.default\">\n\t\t\t\t<div class=\"elementor-widget-container\">\n\t\t\t\t\t<span class=\"elementor-heading-title elementor-size-small\">Especialista en las \u00e1reas pr\u00e1cticas de Derecho Penal, Derecho sucesorio, Derecho de da\u00f1os, Propiedad Intelectual y Nuevas Tecnolog\u00edas. Como el resto de sus compa\u00f1eros, se ha desplazado por el territorio espa\u00f1ol desempe\u00f1ando la abogac\u00eda, prestando el mejor servicio posible a sus clientes.\n\nGraduado en Derecho por la Universidad Europea de Valencia y cuenta con un M\u00e1ster habilitante para la abogac\u00eda de la misma universidad. Gracias a su formaci\u00f3n acad\u00e9mica, V\u00edctor ha adquirido los conocimientos y habilidades necesarios para ejercer como abogado en diversas \u00e1reas del derecho.<\/span>\t\t\t\t<\/div>\n\t\t\t\t<\/div>\n\t\t\t\t<div class=\"elementor-element elementor-element-c9e710a elementor-widget elementor-widget-heading\" data-id=\"c9e710a\" data-element_type=\"widget\" data-e-type=\"widget\" data-widget_type=\"heading.default\">\n\t\t\t\t<div class=\"elementor-widget-container\">\n\t\t\t\t\t<span class=\"elementor-heading-title elementor-size-small\">victormanuel@gomezgomezae.com\n<\/span>\t\t\t\t<\/div>\n\t\t\t\t<\/div>\n\t\t\t\t\t<\/div>\n\t\t<\/div>\n\t\t\t\t\t<\/div>\n\t\t<\/section>\n\t\t\t\t<div class=\"elementor-element elementor-element-d83b85c elementor-widget elementor-widget-spacer\" data-id=\"d83b85c\" data-element_type=\"widget\" data-e-type=\"widget\" data-widget_type=\"spacer.default\">\n\t\t\t\t<div class=\"elementor-widget-container\">\n\t\t\t\t\t\t\t<div class=\"elementor-spacer\">\n\t\t\t<div class=\"elementor-spacer-inner\"><\/div>\n\t\t<\/div>\n\t\t\t\t\t\t<\/div>\n\t\t\t\t<\/div>\n\t\t\t\t<div class=\"elementor-element elementor-element-aff9ac9 elementor-widget elementor-widget-heading\" data-id=\"aff9ac9\" data-element_type=\"widget\" data-e-type=\"widget\" data-widget_type=\"heading.default\">\n\t\t\t\t<div class=\"elementor-widget-container\">\n\t\t\t\t\t<h2 class=\"elementor-heading-title elementor-size-default\">Colaboradores en Tudela<\/h2>\t\t\t\t<\/div>\n\t\t\t\t<\/div>\n\t\t\t\t<section class=\"elementor-section elementor-inner-section elementor-element elementor-element-fb11cf1 elementor-section-boxed elementor-section-height-default elementor-section-height-default\" data-id=\"fb11cf1\" data-element_type=\"section\" data-e-type=\"section\">\n\t\t\t\t\t\t<div class=\"elementor-container elementor-column-gap-default\">\n\t\t\t\t\t<div class=\"elementor-column elementor-col-50 elementor-inner-column elementor-element elementor-element-a4ef29b\" data-id=\"a4ef29b\" data-element_type=\"column\" data-e-type=\"column\">\n\t\t\t<div class=\"elementor-widget-wrap elementor-element-populated\">\n\t\t\t\t\t\t<div class=\"elementor-element elementor-element-30a4fe7 elementor-widget elementor-widget-image\" data-id=\"30a4fe7\" data-element_type=\"widget\" data-e-type=\"widget\" data-widget_type=\"image.default\">\n\t\t\t\t<div class=\"elementor-widget-container\">\n\t\t\t\t\t\t\t\t\t\t\t\t\t\t\t<img loading=\"lazy\" decoding=\"async\" width=\"765\" height=\"571\" src=\"https:\/\/jimenez-campillo.com\/wp-content\/uploads\/2023\/05\/Enrique-Alonso-e1683759723130.jpg\" class=\"attachment-large size-large wp-image-712\" alt=\"\" srcset=\"https:\/\/jimenez-campillo.com\/wp-content\/uploads\/2023\/05\/Enrique-Alonso-e1683759723130.jpg 765w, https:\/\/jimenez-campillo.com\/wp-content\/uploads\/2023\/05\/Enrique-Alonso-e1683759723130-300x224.jpg 300w\" sizes=\"(max-width: 765px) 100vw, 765px\" \/>\t\t\t\t\t\t\t\t\t\t\t\t\t\t\t<\/div>\n\t\t\t\t<\/div>\n\t\t\t\t\t<\/div>\n\t\t<\/div>\n\t\t\t\t<div class=\"elementor-column elementor-col-50 elementor-inner-column elementor-element elementor-element-00a3fa4\" data-id=\"00a3fa4\" data-element_type=\"column\" data-e-type=\"column\">\n\t\t\t<div class=\"elementor-widget-wrap elementor-element-populated\">\n\t\t\t\t\t\t<div class=\"elementor-element elementor-element-d0f8c25 elementor-widget elementor-widget-heading\" data-id=\"d0f8c25\" data-element_type=\"widget\" data-e-type=\"widget\" data-widget_type=\"heading.default\">\n\t\t\t\t<div class=\"elementor-widget-container\">\n\t\t\t\t\t<h3 class=\"elementor-heading-title elementor-size-large\">Enrique Alonso N\u00fa\u00f1ez<\/h3>\t\t\t\t<\/div>\n\t\t\t\t<\/div>\n\t\t\t\t<div class=\"elementor-element elementor-element-ace36af elementor-widget elementor-widget-heading\" data-id=\"ace36af\" data-element_type=\"widget\" data-e-type=\"widget\" data-widget_type=\"heading.default\">\n\t\t\t\t<div class=\"elementor-widget-container\">\n\t\t\t\t\t<span class=\"elementor-heading-title elementor-size-small\">Licenciado en Derecho por la Universidad de Navarra en 1980. Experto en Derecho Bancario, Inmobiliario Registral e Hipotecario y Procesal, as\u00ed como en Derecho Foral Navarro. Colegiado en diciembre de 1981 y colaborador en un despacho durante dos a\u00f1os. Desde 1982, colabora como abogado externo para compa\u00f1\u00edas aseguradoras y el partido judicial de Tudela. Desde 1985, es docente en diversas instituciones, y a partir del 2000, es letrado externo de entidades bancarias para defensa y reclamaci\u00f3n de expedientes de morosidad y procedimientos interpuestos contra estas entidades.<\/span>\t\t\t\t<\/div>\n\t\t\t\t<\/div>\n\t\t\t\t<div class=\"elementor-element elementor-element-5d3774a elementor-widget elementor-widget-heading\" data-id=\"5d3774a\" data-element_type=\"widget\" data-e-type=\"widget\" data-widget_type=\"heading.default\">\n\t\t\t\t<div class=\"elementor-widget-container\">\n\t\t\t\t\t<span class=\"elementor-heading-title elementor-size-small\">Tel\u00e9fono: 948 41 24 41<\/span>\t\t\t\t<\/div>\n\t\t\t\t<\/div>\n\t\t\t\t\t<\/div>\n\t\t<\/div>\n\t\t\t\t\t<\/div>\n\t\t<\/section>\n\t\t\t\t<div class=\"elementor-element elementor-element-4aefadd elementor-hidden-mobile elementor-widget elementor-widget-spacer\" data-id=\"4aefadd\" data-element_type=\"widget\" data-e-type=\"widget\" data-widget_type=\"spacer.default\">\n\t\t\t\t<div class=\"elementor-widget-container\">\n\t\t\t\t\t\t\t<div class=\"elementor-spacer\">\n\t\t\t<div class=\"elementor-spacer-inner\"><\/div>\n\t\t<\/div>\n\t\t\t\t\t\t<\/div>\n\t\t\t\t<\/div>\n\t\t\t\t<section class=\"elementor-section elementor-inner-section elementor-element elementor-element-5b1527a elementor-section-boxed elementor-section-height-default elementor-section-height-default\" data-id=\"5b1527a\" data-element_type=\"section\" data-e-type=\"section\">\n\t\t\t\t\t\t<div class=\"elementor-container elementor-column-gap-default\">\n\t\t\t\t\t<div class=\"elementor-column elementor-col-50 elementor-inner-column elementor-element elementor-element-1d81b7f\" data-id=\"1d81b7f\" data-element_type=\"column\" data-e-type=\"column\">\n\t\t\t<div class=\"elementor-widget-wrap elementor-element-populated\">\n\t\t\t\t\t\t<div class=\"elementor-element elementor-element-69a7fc5 elementor-widget elementor-widget-image\" data-id=\"69a7fc5\" data-element_type=\"widget\" data-e-type=\"widget\" data-widget_type=\"image.default\">\n\t\t\t\t<div class=\"elementor-widget-container\">\n\t\t\t\t\t\t\t\t\t\t\t\t\t\t\t<img loading=\"lazy\" decoding=\"async\" width=\"1000\" height=\"858\" src=\"https:\/\/jimenez-campillo.com\/wp-content\/uploads\/2023\/05\/Almudena-Ruiz.jpg\" class=\"attachment-large size-large wp-image-713\" alt=\"\" srcset=\"https:\/\/jimenez-campillo.com\/wp-content\/uploads\/2023\/05\/Almudena-Ruiz.jpg 1000w, https:\/\/jimenez-campillo.com\/wp-content\/uploads\/2023\/05\/Almudena-Ruiz-300x257.jpg 300w, https:\/\/jimenez-campillo.com\/wp-content\/uploads\/2023\/05\/Almudena-Ruiz-768x659.jpg 768w\" sizes=\"(max-width: 1000px) 100vw, 1000px\" \/>\t\t\t\t\t\t\t\t\t\t\t\t\t\t\t<\/div>\n\t\t\t\t<\/div>\n\t\t\t\t\t<\/div>\n\t\t<\/div>\n\t\t\t\t<div class=\"elementor-column elementor-col-50 elementor-inner-column elementor-element elementor-element-4cd2b47\" data-id=\"4cd2b47\" data-element_type=\"column\" data-e-type=\"column\" data-settings=\"{&quot;background_background&quot;:&quot;classic&quot;}\">\n\t\t\t<div class=\"elementor-widget-wrap elementor-element-populated\">\n\t\t\t\t\t\t<div class=\"elementor-element elementor-element-a9d0a71 elementor-widget elementor-widget-heading\" data-id=\"a9d0a71\" data-element_type=\"widget\" data-e-type=\"widget\" data-widget_type=\"heading.default\">\n\t\t\t\t<div class=\"elementor-widget-container\">\n\t\t\t\t\t<h3 class=\"elementor-heading-title elementor-size-large\">Almudena Ruiz De Paz<\/h3>\t\t\t\t<\/div>\n\t\t\t\t<\/div>\n\t\t\t\t<div class=\"elementor-element elementor-element-28f9bd9 elementor-widget elementor-widget-heading\" data-id=\"28f9bd9\" data-element_type=\"widget\" data-e-type=\"widget\" data-widget_type=\"heading.default\">\n\t\t\t\t<div class=\"elementor-widget-container\">\n\t\t\t\t\t<span class=\"elementor-heading-title elementor-size-small\">T\u00e9cnica Superior en Secretariado con amplia experiencia en gesti\u00f3n empresarial y herramientas inform\u00e1ticas. Ha completado cursos especializados en distintas \u00e1reas, como Nominaplus, Impuesto de Sociedades, Ofim\u00e1tica Avanzada, Facturaplus, Excel y Fiscalidad B\u00e1sica. Tambi\u00e9n se ha especializado en herramientas inform\u00e1ticas de gesti\u00f3n empresarial y en la gesti\u00f3n contable de empresas con Excel. Recientemente, ha ampliado sus conocimientos en la nube con el curso de Ofim\u00e1tica en la Nube Google Drive<\/span>\t\t\t\t<\/div>\n\t\t\t\t<\/div>\n\t\t\t\t\t<\/div>\n\t\t<\/div>\n\t\t\t\t\t<\/div>\n\t\t<\/section>\n\t\t\t\t<div class=\"elementor-element elementor-element-6308c6b elementor-widget elementor-widget-spacer\" data-id=\"6308c6b\" data-element_type=\"widget\" data-e-type=\"widget\" data-widget_type=\"spacer.default\">\n\t\t\t\t<div class=\"elementor-widget-container\">\n\t\t\t\t\t\t\t<div class=\"elementor-spacer\">\n\t\t\t<div class=\"elementor-spacer-inner\"><\/div>\n\t\t<\/div>\n\t\t\t\t\t\t<\/div>\n\t\t\t\t<\/div>\n\t\t\t\t\t<\/div>\n\t\t<\/div>\n\t\t\t\t\t<\/div>\n\t\t<\/section>\n\t\t\t\t<\/div>","protected":false},"excerpt":{"rendered":"<p>Nuestro equipo Experiencia y excelencia en cada miembro de nuestro equipo. Gabriel Jim\u00e9nez Campillo Licenciado en Derecho por la Universidad Complutense de Madrid y con una amplia experiencia en el sector jur\u00eddico de m\u00e1s de 40 a\u00f1os. Experto en Derecho Bancario, Inmobiliario Registral e Hipotecario y Procesal, lo que le ha permitido asesorar a empresas, [&hellip;]<\/p>\n","protected":false},"author":1,"featured_media":0,"parent":0,"menu_order":0,"comment_status":"closed","ping_status":"closed","template":"","meta":{"site-sidebar-layout":"no-sidebar","site-content-layout":"page-builder","ast-site-content-layout":"default","site-content-style":"default","site-sidebar-style":"default","ast-global-header-display":"","ast-banner-title-visibility":"","ast-main-header-display":"","ast-hfb-above-header-display":"","ast-hfb-below-header-display":"","ast-hfb-mobile-header-display":"","site-post-title":"disabled","ast-breadcrumbs-content":"","ast-featured-img":"disabled","footer-sml-layout":"","ast-disable-related-posts":"","theme-transparent-header-meta":"enabled","adv-header-id-meta":"","stick-header-meta":"","header-above-stick-meta":"","header-main-stick-meta":"","header-below-stick-meta":"","astra-migrate-meta-layouts":"default","ast-page-background-enabled":"default","ast-page-background-meta":{"desktop":{"background-color":"","background-image":"","background-repeat":"repeat","background-position":"center center","background-size":"auto","background-attachment":"scroll","background-type":"","background-media":"","overlay-type":"","overlay-color":"","overlay-opacity":"","overlay-gradient":""},"tablet":{"background-color":"","background-image":"","background-repeat":"repeat","background-position":"center center","background-size":"auto","background-attachment":"scroll","background-type":"","background-media":"","overlay-type":"","overlay-color":"","overlay-opacity":"","overlay-gradient":""},"mobile":{"background-color":"","background-image":"","background-repeat":"repeat","background-position":"center center","background-size":"auto","background-attachment":"scroll","background-type":"","background-media":"","overlay-type":"","overlay-color":"","overlay-opacity":"","overlay-gradient":""}},"ast-content-background-meta":{"desktop":{"background-color":"var(--ast-global-color-5)","background-image":"","background-repeat":"repeat","background-position":"center center","background-size":"auto","background-attachment":"scroll","background-type":"","background-media":"","overlay-type":"","overlay-color":"","overlay-opacity":"","overlay-gradient":""},"tablet":{"background-color":"var(--ast-global-color-5)","background-image":"","background-repeat":"repeat","background-position":"center center","background-size":"auto","background-attachment":"scroll","background-type":"","background-media":"","overlay-type":"","overlay-color":"","overlay-opacity":"","overlay-gradient":""},"mobile":{"background-color":"var(--ast-global-color-5)","background-image":"","background-repeat":"repeat","background-position":"center center","background-size":"auto","background-attachment":"scroll","background-type":"","background-media":"","overlay-type":"","overlay-color":"","overlay-opacity":"","overlay-gradient":""}},"footnotes":""},"class_list":["post-144","page","type-page","status-publish","hentry"],"yoast_head":"<!-- This site is optimized with the Yoast SEO plugin v27.5 - https:\/\/yoast.com\/product\/yoast-seo-wordpress\/ -->\n<title>Colaboradores - Jim\u00e9nez Campillo Y Asociados<\/title>\n<meta name=\"robots\" content=\"index, follow, max-snippet:-1, max-image-preview:large, max-video-preview:-1\" \/>\n<link rel=\"canonical\" href=\"https:\/\/jimenez-campillo.com\/en\/colaboradores\/\" \/>\n<meta property=\"og:locale\" content=\"en_US\" \/>\n<meta property=\"og:type\" content=\"article\" \/>\n<meta property=\"og:title\" content=\"Colaboradores - Jim\u00e9nez Campillo Y Asociados\" \/>\n<meta property=\"og:description\" content=\"Nuestro equipo Experiencia y excelencia en cada miembro de nuestro equipo. Gabriel Jim\u00e9nez Campillo Licenciado en Derecho por la Universidad Complutense de Madrid y con una amplia experiencia en el sector jur\u00eddico de m\u00e1s de 40 a\u00f1os. Experto en Derecho Bancario, Inmobiliario Registral e Hipotecario y Procesal, lo que le ha permitido asesorar a empresas, [&hellip;]\" \/>\n<meta property=\"og:url\" content=\"https:\/\/jimenez-campillo.com\/en\/colaboradores\/\" \/>\n<meta property=\"og:site_name\" content=\"Jim\u00e9nez Campillo Y Asociados\" \/>\n<meta property=\"article:modified_time\" content=\"2023-05-17T12:32:52+00:00\" \/>\n<meta property=\"og:image\" content=\"https:\/\/jimenez-campillo.com\/wp-content\/uploads\/2023\/05\/Gabriel-Jimenez.jpg\" \/>\n<meta name=\"twitter:card\" content=\"summary_large_image\" \/>\n<meta name=\"twitter:label1\" content=\"Est. reading time\" \/>\n\t<meta name=\"twitter:data1\" content=\"7 minutes\" \/>\n<script type=\"application\/ld+json\" class=\"yoast-schema-graph\">{\"@context\":\"https:\\\/\\\/schema.org\",\"@graph\":[{\"@type\":\"WebPage\",\"@id\":\"https:\\\/\\\/jimenez-campillo.com\\\/colaboradores\",\"url\":\"https:\\\/\\\/jimenez-campillo.com\\\/colaboradores\",\"name\":\"Colaboradores - Jim\u00e9nez Campillo Y Asociados\",\"isPartOf\":{\"@id\":\"https:\\\/\\\/jimenez-campillo.com\\\/#website\"},\"primaryImageOfPage\":{\"@id\":\"https:\\\/\\\/jimenez-campillo.com\\\/colaboradores#primaryimage\"},\"image\":{\"@id\":\"https:\\\/\\\/jimenez-campillo.com\\\/colaboradores#primaryimage\"},\"thumbnailUrl\":\"https:\\\/\\\/jimenez-campillo.com\\\/wp-content\\\/uploads\\\/2023\\\/05\\\/Gabriel-Jimenez.jpg\",\"datePublished\":\"2021-05-11T05:31:46+00:00\",\"dateModified\":\"2023-05-17T12:32:52+00:00\",\"breadcrumb\":{\"@id\":\"https:\\\/\\\/jimenez-campillo.com\\\/colaboradores#breadcrumb\"},\"inLanguage\":\"en-US\",\"potentialAction\":[{\"@type\":\"ReadAction\",\"target\":[\"https:\\\/\\\/jimenez-campillo.com\\\/colaboradores\"]}]},{\"@type\":\"ImageObject\",\"inLanguage\":\"en-US\",\"@id\":\"https:\\\/\\\/jimenez-campillo.com\\\/colaboradores#primaryimage\",\"url\":\"https:\\\/\\\/jimenez-campillo.com\\\/wp-content\\\/uploads\\\/2023\\\/05\\\/Gabriel-Jimenez.jpg\",\"contentUrl\":\"https:\\\/\\\/jimenez-campillo.com\\\/wp-content\\\/uploads\\\/2023\\\/05\\\/Gabriel-Jimenez.jpg\"},{\"@type\":\"BreadcrumbList\",\"@id\":\"https:\\\/\\\/jimenez-campillo.com\\\/colaboradores#breadcrumb\",\"itemListElement\":[{\"@type\":\"ListItem\",\"position\":1,\"name\":\"Portada\",\"item\":\"https:\\\/\\\/jimenez-campillo.com\\\/\"},{\"@type\":\"ListItem\",\"position\":2,\"name\":\"Colaboradores\"}]},{\"@type\":\"WebSite\",\"@id\":\"https:\\\/\\\/jimenez-campillo.com\\\/#website\",\"url\":\"https:\\\/\\\/jimenez-campillo.com\\\/\",\"name\":\"Jim\u00e9nez Campillo Y Asociados\",\"description\":\"Estudios Jur\u00eddicos S L P\",\"publisher\":{\"@id\":\"https:\\\/\\\/jimenez-campillo.com\\\/#organization\"},\"potentialAction\":[{\"@type\":\"SearchAction\",\"target\":{\"@type\":\"EntryPoint\",\"urlTemplate\":\"https:\\\/\\\/jimenez-campillo.com\\\/?s={search_term_string}\"},\"query-input\":{\"@type\":\"PropertyValueSpecification\",\"valueRequired\":true,\"valueName\":\"search_term_string\"}}],\"inLanguage\":\"en-US\"},{\"@type\":\"Organization\",\"@id\":\"https:\\\/\\\/jimenez-campillo.com\\\/#organization\",\"name\":\"Jim\u00e9nez Campillo Y Asociados\",\"url\":\"https:\\\/\\\/jimenez-campillo.com\\\/\",\"logo\":{\"@type\":\"ImageObject\",\"inLanguage\":\"en-US\",\"@id\":\"https:\\\/\\\/jimenez-campillo.com\\\/#\\\/schema\\\/logo\\\/image\\\/\",\"url\":\"https:\\\/\\\/jimenez-campillo.com\\\/wp-content\\\/uploads\\\/2023\\\/07\\\/cropped-logo-theme.png\",\"contentUrl\":\"https:\\\/\\\/jimenez-campillo.com\\\/wp-content\\\/uploads\\\/2023\\\/07\\\/cropped-logo-theme.png\",\"width\":480,\"height\":520,\"caption\":\"Jim\u00e9nez Campillo Y Asociados\"},\"image\":{\"@id\":\"https:\\\/\\\/jimenez-campillo.com\\\/#\\\/schema\\\/logo\\\/image\\\/\"}}]}<\/script>\n<!-- \/ Yoast SEO plugin. -->","yoast_head_json":{"title":"Colaboradores - Jim\u00e9nez Campillo Y Asociados","robots":{"index":"index","follow":"follow","max-snippet":"max-snippet:-1","max-image-preview":"max-image-preview:large","max-video-preview":"max-video-preview:-1"},"canonical":"https:\/\/jimenez-campillo.com\/en\/colaboradores\/","og_locale":"en_US","og_type":"article","og_title":"Colaboradores - Jim\u00e9nez Campillo Y Asociados","og_description":"Nuestro equipo Experiencia y excelencia en cada miembro de nuestro equipo. Gabriel Jim\u00e9nez Campillo Licenciado en Derecho por la Universidad Complutense de Madrid y con una amplia experiencia en el sector jur\u00eddico de m\u00e1s de 40 a\u00f1os. Experto en Derecho Bancario, Inmobiliario Registral e Hipotecario y Procesal, lo que le ha permitido asesorar a empresas, [&hellip;]","og_url":"https:\/\/jimenez-campillo.com\/en\/colaboradores\/","og_site_name":"Jim\u00e9nez Campillo Y Asociados","article_modified_time":"2023-05-17T12:32:52+00:00","og_image":[{"url":"https:\/\/jimenez-campillo.com\/wp-content\/uploads\/2023\/05\/Gabriel-Jimenez.jpg","type":"","width":"","height":""}],"twitter_card":"summary_large_image","twitter_misc":{"Est. reading time":"7 minutes"},"schema":{"@context":"https:\/\/schema.org","@graph":[{"@type":"WebPage","@id":"https:\/\/jimenez-campillo.com\/colaboradores","url":"https:\/\/jimenez-campillo.com\/colaboradores","name":"Colaboradores - Jim\u00e9nez Campillo Y Asociados","isPartOf":{"@id":"https:\/\/jimenez-campillo.com\/#website"},"primaryImageOfPage":{"@id":"https:\/\/jimenez-campillo.com\/colaboradores#primaryimage"},"image":{"@id":"https:\/\/jimenez-campillo.com\/colaboradores#primaryimage"},"thumbnailUrl":"https:\/\/jimenez-campillo.com\/wp-content\/uploads\/2023\/05\/Gabriel-Jimenez.jpg","datePublished":"2021-05-11T05:31:46+00:00","dateModified":"2023-05-17T12:32:52+00:00","breadcrumb":{"@id":"https:\/\/jimenez-campillo.com\/colaboradores#breadcrumb"},"inLanguage":"en-US","potentialAction":[{"@type":"ReadAction","target":["https:\/\/jimenez-campillo.com\/colaboradores"]}]},{"@type":"ImageObject","inLanguage":"en-US","@id":"https:\/\/jimenez-campillo.com\/colaboradores#primaryimage","url":"https:\/\/jimenez-campillo.com\/wp-content\/uploads\/2023\/05\/Gabriel-Jimenez.jpg","contentUrl":"https:\/\/jimenez-campillo.com\/wp-content\/uploads\/2023\/05\/Gabriel-Jimenez.jpg"},{"@type":"BreadcrumbList","@id":"https:\/\/jimenez-campillo.com\/colaboradores#breadcrumb","itemListElement":[{"@type":"ListItem","position":1,"name":"Portada","item":"https:\/\/jimenez-campillo.com\/"},{"@type":"ListItem","position":2,"name":"Colaboradores"}]},{"@type":"WebSite","@id":"https:\/\/jimenez-campillo.com\/#website","url":"https:\/\/jimenez-campillo.com\/","name":"Jim\u00e9nez Campillo Y Asociados","description":"Estudios Jur\u00eddicos S L P","publisher":{"@id":"https:\/\/jimenez-campillo.com\/#organization"},"potentialAction":[{"@type":"SearchAction","target":{"@type":"EntryPoint","urlTemplate":"https:\/\/jimenez-campillo.com\/?s={search_term_string}"},"query-input":{"@type":"PropertyValueSpecification","valueRequired":true,"valueName":"search_term_string"}}],"inLanguage":"en-US"},{"@type":"Organization","@id":"https:\/\/jimenez-campillo.com\/#organization","name":"Jim\u00e9nez Campillo Y Asociados","url":"https:\/\/jimenez-campillo.com\/","logo":{"@type":"ImageObject","inLanguage":"en-US","@id":"https:\/\/jimenez-campillo.com\/#\/schema\/logo\/image\/","url":"https:\/\/jimenez-campillo.com\/wp-content\/uploads\/2023\/07\/cropped-logo-theme.png","contentUrl":"https:\/\/jimenez-campillo.com\/wp-content\/uploads\/2023\/07\/cropped-logo-theme.png","width":480,"height":520,"caption":"Jim\u00e9nez Campillo Y Asociados"},"image":{"@id":"https:\/\/jimenez-campillo.com\/#\/schema\/logo\/image\/"}}]}},"_links":{"self":[{"href":"https:\/\/jimenez-campillo.com\/en\/wp-json\/wp\/v2\/pages\/144","targetHints":{"allow":["GET"]}}],"collection":[{"href":"https:\/\/jimenez-campillo.com\/en\/wp-json\/wp\/v2\/pages"}],"about":[{"href":"https:\/\/jimenez-campillo.com\/en\/wp-json\/wp\/v2\/types\/page"}],"author":[{"embeddable":true,"href":"https:\/\/jimenez-campillo.com\/en\/wp-json\/wp\/v2\/users\/1"}],"replies":[{"embeddable":true,"href":"https:\/\/jimenez-campillo.com\/en\/wp-json\/wp\/v2\/comments?post=144"}],"version-history":[{"count":0,"href":"https:\/\/jimenez-campillo.com\/en\/wp-json\/wp\/v2\/pages\/144\/revisions"}],"wp:attachment":[{"href":"https:\/\/jimenez-campillo.com\/en\/wp-json\/wp\/v2\/media?parent=144"}],"curies":[{"name":"wp","href":"https:\/\/api.w.org\/{rel}","templated":true}]}}