{"id":1013,"date":"2023-05-15T14:49:16","date_gmt":"2023-05-15T12:49:16","guid":{"rendered":"https:\/\/kitjimenezcampillo.premm.es\/?page_id=1013"},"modified":"2026-01-30T16:23:10","modified_gmt":"2026-01-30T15:23:10","slug":"politica-de-privacidad","status":"publish","type":"page","link":"https:\/\/jimenez-campillo.com\/en\/politica-de-privacidad","title":{"rendered":"Pol\u00edtica de privacidad"},"content":{"rendered":"<div data-elementor-type=\"wp-page\" data-elementor-id=\"1013\" class=\"elementor elementor-1013\">\n\t\t\t\t\t\t<section class=\"elementor-section elementor-top-section elementor-element elementor-element-094af3c elementor-section-boxed elementor-section-height-default elementor-section-height-default\" data-id=\"094af3c\" data-element_type=\"section\" data-e-type=\"section\" data-settings=\"{&quot;background_background&quot;:&quot;classic&quot;}\">\n\t\t\t\t\t\t\t<div class=\"elementor-background-overlay\"><\/div>\n\t\t\t\t\t\t\t<div class=\"elementor-container elementor-column-gap-default\">\n\t\t\t\t\t<div class=\"elementor-column elementor-col-100 elementor-top-column elementor-element elementor-element-6b046d6\" data-id=\"6b046d6\" data-element_type=\"column\" data-e-type=\"column\">\n\t\t\t<div class=\"elementor-widget-wrap elementor-element-populated\">\n\t\t\t\t\t\t<div class=\"elementor-element elementor-element-8da095d elementor-widget elementor-widget-heading\" data-id=\"8da095d\" data-element_type=\"widget\" data-e-type=\"widget\" data-widget_type=\"heading.default\">\n\t\t\t\t<div class=\"elementor-widget-container\">\n\t\t\t\t\t<h1 class=\"elementor-heading-title elementor-size-default\">Pol\u00edtica de privacidad<\/h1>\t\t\t\t<\/div>\n\t\t\t\t<\/div>\n\t\t\t\t\t<\/div>\n\t\t<\/div>\n\t\t\t\t\t<\/div>\n\t\t<\/section>\n\t\t\t\t<section class=\"elementor-section elementor-top-section elementor-element elementor-element-8a38542 elementor-section-boxed elementor-section-height-default elementor-section-height-default\" data-id=\"8a38542\" data-element_type=\"section\" data-e-type=\"section\">\n\t\t\t\t\t\t<div class=\"elementor-container elementor-column-gap-default\">\n\t\t\t\t\t<div class=\"elementor-column elementor-col-100 elementor-top-column elementor-element elementor-element-cde8a7b\" data-id=\"cde8a7b\" data-element_type=\"column\" data-e-type=\"column\">\n\t\t\t<div class=\"elementor-widget-wrap elementor-element-populated\">\n\t\t\t\t\t\t<div class=\"elementor-element elementor-element-491a4c5 elementor-widget elementor-widget-text-editor\" data-id=\"491a4c5\" data-element_type=\"widget\" data-e-type=\"widget\" data-widget_type=\"text-editor.default\">\n\t\t\t\t<div class=\"elementor-widget-container\">\n\t\t\t\t\t\t\t\t\t<h1><b>POL\u00cdTICA DE PRIVACIDAD<\/b><\/h1>\n<h2><b>1. Responsable del tratamiento<\/b><\/h2>\n<p><span style=\"font-weight: 400;\">En cumplimiento del Reglamento (UE) 2016\/679 (RGPD) y de la Ley Org\u00e1nica 3\/2018 (LOPDGDD), se informa de que:<\/span><\/p>\n<ul>\n<li style=\"font-weight: 400;\" aria-level=\"1\"><b>Responsable:<\/b><span style=\"font-weight: 400;\">&nbsp;<\/span>Jimenez Campillo SLP<\/li>\n<li style=\"font-weight: 400;\" aria-level=\"1\"><b>Email:&nbsp;<\/b>leticia@jimenez-campillo.com<\/li>\n<li style=\"font-weight: 400;\" aria-level=\"1\"><b>Phones:&nbsp;<\/b>941 24 77 91 \/ 619 58 91 25<\/li>\n<li style=\"\" aria-level=\"1\"><b style=\"font-weight: 400;\">Sitio web:&nbsp;<\/b><b>https:\/\/jimenez-campillo.com\/<\/b><\/li>\n<\/ul>\n<p><span style=\"font-weight: 400;\">Esta pol\u00edtica es aplicable a <\/span><b>todos los tratamientos de datos realizados a trav\u00e9s del sitio web<\/b><span style=\"font-weight: 400;\">, con independencia de la p\u00e1gina desde la que se acceda.<\/span><\/p>\n<h2><b>2. Datos personales tratados<\/b><\/h2>\n<p><span style=\"font-weight: 400;\">A trav\u00e9s del sitio web se pueden tratar los siguientes datos personales:<\/span><\/p>\n<ul>\n<li style=\"font-weight: 400;\" aria-level=\"1\"><span style=\"font-weight: 400;\">Datos identificativos (nombre, apellidos)<\/span><\/li>\n<li style=\"font-weight: 400;\" aria-level=\"1\"><span style=\"font-weight: 400;\">Datos de contacto (correo electr\u00f3nico, tel\u00e9fono)<\/span><\/li>\n<li style=\"font-weight: 400;\" aria-level=\"1\"><span style=\"font-weight: 400;\">Direcci\u00f3n IP y datos de navegaci\u00f3n<\/span><\/li>\n<li style=\"font-weight: 400;\" aria-level=\"1\"><span style=\"font-weight: 400;\">Datos facilitados voluntariamente por el usuario mediante formularios o comentarios<\/span><\/li>\n<\/ul>\n<h2><b>3. Finalidad del tratamiento<\/b><\/h2>\n<p><span style=\"font-weight: 400;\">Los datos personales se tratan con las siguientes finalidades generales:<\/span><\/p>\n<ul>\n<li style=\"font-weight: 400;\" aria-level=\"1\"><span style=\"font-weight: 400;\">Atender solicitudes, consultas o comunicaciones realizadas por los usuarios<\/span><\/li>\n<li style=\"font-weight: 400;\" aria-level=\"1\"><span style=\"font-weight: 400;\">Gestionar los servicios ofrecidos a trav\u00e9s del sitio web<\/span><\/li>\n<li style=\"font-weight: 400;\" aria-level=\"1\"><span style=\"font-weight: 400;\">Gestionar y moderar comentarios o interacciones, si las hubiera<\/span><\/li>\n<li style=\"font-weight: 400;\" aria-level=\"1\"><span style=\"font-weight: 400;\">Mejorar la navegaci\u00f3n, funcionamiento y seguridad del sitio web<\/span><\/li>\n<li style=\"font-weight: 400;\" aria-level=\"1\"><span style=\"font-weight: 400;\">Cumplir con obligaciones legales aplicables<\/span><\/li>\n<\/ul>\n<h2><b>4. Base legal del tratamiento<\/b><\/h2>\n<p><span style=\"font-weight: 400;\">El tratamiento de los datos se basa en:<\/span><\/p>\n<ul>\n<li style=\"font-weight: 400;\" aria-level=\"1\"><span style=\"font-weight: 400;\">El <\/span><b>consentimiento del usuario<\/b><\/li>\n<li style=\"font-weight: 400;\" aria-level=\"1\"><span style=\"font-weight: 400;\">La <\/span><b>ejecuci\u00f3n de una relaci\u00f3n contractual o precontractual<\/b><span style=\"font-weight: 400;\">, cuando proceda<\/span><\/li>\n<li style=\"font-weight: 400;\" aria-level=\"1\"><span style=\"font-weight: 400;\">El <\/span><b>cumplimiento de obligaciones legales<\/b><\/li>\n<\/ul>\n<h2><b>5. Conservaci\u00f3n de los datos<\/b><\/h2>\n<p><span style=\"font-weight: 400;\">Los datos personales se conservar\u00e1n:<\/span><\/p>\n<ul>\n<li style=\"font-weight: 400;\" aria-level=\"1\"><span style=\"font-weight: 400;\">Mientras se mantenga la relaci\u00f3n con el usuario<\/span><\/li>\n<li style=\"font-weight: 400;\" aria-level=\"1\"><span style=\"font-weight: 400;\">Mientras no se solicite su supresi\u00f3n<\/span><\/li>\n<li style=\"font-weight: 400;\" aria-level=\"1\"><span style=\"font-weight: 400;\">Durante los plazos exigidos por la normativa aplicable<\/span><\/li>\n<\/ul>\n<h2><b>6. Destinatarios de los datos<\/b><\/h2>\n<p><span style=\"font-weight: 400;\">Los datos no se ceder\u00e1n a terceros, salvo:<\/span><\/p>\n<ul>\n<li style=\"font-weight: 400;\" aria-level=\"1\"><span style=\"font-weight: 400;\">Obligaci\u00f3n legal<\/span><\/li>\n<li style=\"font-weight: 400;\" aria-level=\"1\"><span style=\"font-weight: 400;\">Proveedores que prestan servicios necesarios para el funcionamiento del sitio web (alojamiento, mantenimiento, correo electr\u00f3nico, anal\u00edtica), bajo los correspondientes acuerdos de confidencialidad<\/span><\/li>\n<\/ul>\n<p><span style=\"font-weight: 400;\">No se realizan transferencias internacionales de datos sin garant\u00edas adecuadas.<\/span><\/p>\n<h2><b>7. Derechos de los usuarios<\/b><\/h2>\n<p><span style=\"font-weight: 400;\">El usuario puede ejercer los siguientes derechos:<\/span><\/p>\n<ul>\n<li style=\"font-weight: 400;\" aria-level=\"1\"><span style=\"font-weight: 400;\">Acceso<\/span><\/li>\n<li style=\"font-weight: 400;\" aria-level=\"1\"><span style=\"font-weight: 400;\">Rectificaci\u00f3n<\/span><\/li>\n<li style=\"font-weight: 400;\" aria-level=\"1\"><span style=\"font-weight: 400;\">Supresi\u00f3n<\/span><\/li>\n<li style=\"font-weight: 400;\" aria-level=\"1\"><span style=\"font-weight: 400;\">Limitaci\u00f3n del tratamiento<\/span><\/li>\n<li style=\"font-weight: 400;\" aria-level=\"1\"><span style=\"font-weight: 400;\">Oposici\u00f3n<\/span><\/li>\n<li style=\"font-weight: 400;\" aria-level=\"1\"><span style=\"font-weight: 400;\">Portabilidad de los datos<\/span><\/li>\n<li style=\"font-weight: 400;\" aria-level=\"1\"><span style=\"font-weight: 400;\">Retirada del consentimiento en cualquier momento<\/span><\/li>\n<\/ul>\n<p><span style=\"font-weight: 400;\">Para ejercer estos derechos puede contactar con el responsable a trav\u00e9s del correo electr\u00f3nico indicado.<\/span><\/p>\n<p><span style=\"font-weight: 400;\">Asimismo, tiene derecho a presentar una reclamaci\u00f3n ante la <\/span><b>Agencia Espa\u00f1ola de Protecci\u00f3n de Datos (<\/b><a href=\"http:\/\/www.aepd.es\/\"><b>www.aepd.es<\/b><\/a><b>)<\/b><span style=\"font-weight: 400;\">.<\/span><\/p>\n<h2><b>8. Seguridad de los datos<\/b><\/h2>\n<p><span style=\"font-weight: 400;\">El responsable adopta las medidas t\u00e9cnicas y organizativas necesarias para garantizar la seguridad y confidencialidad de los datos personales.<\/span><\/p>\n<h2><b>9. Cookies<\/b><\/h2>\n<p><span style=\"font-weight: 400;\">&nbsp;Si deja un comentario en nuestro sitio, puede optar por guardar su nombre, direcci\u00f3n de correo electr\u00f3nico y sitio web en cookies. Esto es para tu comodidad para que no tengas que volver a completar tus datos cuando dejes otro comentario. Estas cookies tendr\u00e1n una duraci\u00f3n de un a\u00f1o.<\/span><\/p>\n<p><span style=\"font-weight: 400;\">Si visita nuestra p\u00e1gina de inicio de sesi\u00f3n, configuraremos una cookie temporal para determinar si su navegador acepta cookies. Esta cookie no contiene datos personales y se descarta al cerrar el navegador.<\/span><\/p>\n<p><span style=\"font-weight: 400;\">Cuando inicie sesi\u00f3n, tambi\u00e9n configuraremos varias cookies para guardar su informaci\u00f3n de inicio de sesi\u00f3n y sus opciones de visualizaci\u00f3n de pantalla. Las cookies de inicio de sesi\u00f3n duran dos d\u00edas y las cookies de opciones de pantalla duran un a\u00f1o. Si selecciona \u00abRecordarme\u00bb, su inicio de sesi\u00f3n persistir\u00e1 durante dos semanas. Si cierra sesi\u00f3n en su cuenta, se eliminar\u00e1n las cookies de inicio de sesi\u00f3n.<\/span><\/p>\n<p><span style=\"font-weight: 400;\">Si edita o publica un art\u00edculo, se guardar\u00e1 una cookie adicional en su navegador. Esta cookie no incluye datos personales y simplemente indica el ID de la publicaci\u00f3n del art\u00edculo que acaba de editar. Caduca despu\u00e9s de 1 d\u00eda.<\/span><\/p>\n<h2><b>10. Modificaciones de la pol\u00edtica<\/b><\/h2>\n<p><span style=\"font-weight: 400;\">El responsable se reserva el derecho a modificar la presente Pol\u00edtica de Privacidad para adaptarla a cambios legislativos o t\u00e9cnicos.<\/span><\/p>\t\t\t\t\t\t\t\t<\/div>\n\t\t\t\t<\/div>\n\t\t\t\t\t<\/div>\n\t\t<\/div>\n\t\t\t\t\t<\/div>\n\t\t<\/section>\n\t\t\t\t<\/div>","protected":false},"excerpt":{"rendered":"<p>Pol\u00edtica de privacidad POL\u00cdTICA DE PRIVACIDAD 1. Responsable del tratamiento En cumplimiento del Reglamento (UE) 2016\/679 (RGPD) y de la Ley Org\u00e1nica 3\/2018 (LOPDGDD), se informa de que: Responsable:&nbsp;Jimenez Campillo SLP Correo electr\u00f3nico:&nbsp;leticia@jimenez-campillo.com Tel\u00e9fono:&nbsp;941 24 77 91 \/ 619 58 91 25 Sitio web:&nbsp;https:\/\/jimenez-campillo.com\/ Esta pol\u00edtica es aplicable a todos los tratamientos de datos realizados [&hellip;]<\/p>\n","protected":false},"author":1,"featured_media":0,"parent":0,"menu_order":0,"comment_status":"closed","ping_status":"closed","template":"","meta":{"site-sidebar-layout":"no-sidebar","site-content-layout":"page-builder","ast-site-content-layout":"default","site-content-style":"default","site-sidebar-style":"default","ast-global-header-display":"","ast-banner-title-visibility":"","ast-main-header-display":"","ast-hfb-above-header-display":"","ast-hfb-below-header-display":"","ast-hfb-mobile-header-display":"","site-post-title":"disabled","ast-breadcrumbs-content":"","ast-featured-img":"disabled","footer-sml-layout":"","ast-disable-related-posts":"","theme-transparent-header-meta":"enabled","adv-header-id-meta":"","stick-header-meta":"","header-above-stick-meta":"","header-main-stick-meta":"","header-below-stick-meta":"","astra-migrate-meta-layouts":"default","ast-page-background-enabled":"default","ast-page-background-meta":{"desktop":{"background-color":"","background-image":"","background-repeat":"repeat","background-position":"center center","background-size":"auto","background-attachment":"scroll","background-type":"","background-media":"","overlay-type":"","overlay-color":"","overlay-opacity":"","overlay-gradient":""},"tablet":{"background-color":"","background-image":"","background-repeat":"repeat","background-position":"center center","background-size":"auto","background-attachment":"scroll","background-type":"","background-media":"","overlay-type":"","overlay-color":"","overlay-opacity":"","overlay-gradient":""},"mobile":{"background-color":"","background-image":"","background-repeat":"repeat","background-position":"center center","background-size":"auto","background-attachment":"scroll","background-type":"","background-media":"","overlay-type":"","overlay-color":"","overlay-opacity":"","overlay-gradient":""}},"ast-content-background-meta":{"desktop":{"background-color":"var(--ast-global-color-5)","background-image":"","background-repeat":"repeat","background-position":"center center","background-size":"auto","background-attachment":"scroll","background-type":"","background-media":"","overlay-type":"","overlay-color":"","overlay-opacity":"","overlay-gradient":""},"tablet":{"background-color":"var(--ast-global-color-5)","background-image":"","background-repeat":"repeat","background-position":"center center","background-size":"auto","background-attachment":"scroll","background-type":"","background-media":"","overlay-type":"","overlay-color":"","overlay-opacity":"","overlay-gradient":""},"mobile":{"background-color":"var(--ast-global-color-5)","background-image":"","background-repeat":"repeat","background-position":"center center","background-size":"auto","background-attachment":"scroll","background-type":"","background-media":"","overlay-type":"","overlay-color":"","overlay-opacity":"","overlay-gradient":""}},"footnotes":""},"class_list":["post-1013","page","type-page","status-publish","hentry"],"yoast_head":"<!-- This site is optimized with the Yoast SEO plugin v27.5 - https:\/\/yoast.com\/product\/yoast-seo-wordpress\/ -->\n<title>Pol\u00edtica de privacidad - Jim\u00e9nez Campillo Y Asociados<\/title>\n<meta name=\"robots\" content=\"index, follow, max-snippet:-1, max-image-preview:large, max-video-preview:-1\" \/>\n<link rel=\"canonical\" href=\"https:\/\/jimenez-campillo.com\/en\/politica-de-privacidad\/\" \/>\n<meta property=\"og:locale\" content=\"en_US\" \/>\n<meta property=\"og:type\" content=\"article\" \/>\n<meta property=\"og:title\" content=\"Pol\u00edtica de privacidad - Jim\u00e9nez Campillo Y Asociados\" \/>\n<meta property=\"og:description\" content=\"Pol\u00edtica de privacidad POL\u00cdTICA DE PRIVACIDAD 1. Responsable del tratamiento En cumplimiento del Reglamento (UE) 2016\/679 (RGPD) y de la Ley Org\u00e1nica 3\/2018 (LOPDGDD), se informa de que: Responsable:&nbsp;Jimenez Campillo SLP Correo electr\u00f3nico:&nbsp;leticia@jimenez-campillo.com Tel\u00e9fono:&nbsp;941 24 77 91 \/ 619 58 91 25 Sitio web:&nbsp;https:\/\/jimenez-campillo.com\/ Esta pol\u00edtica es aplicable a todos los tratamientos de datos realizados [&hellip;]\" \/>\n<meta property=\"og:url\" content=\"https:\/\/jimenez-campillo.com\/en\/politica-de-privacidad\/\" \/>\n<meta property=\"og:site_name\" content=\"Jim\u00e9nez Campillo Y Asociados\" \/>\n<meta property=\"article:modified_time\" content=\"2026-01-30T15:23:10+00:00\" \/>\n<meta name=\"twitter:card\" content=\"summary_large_image\" \/>\n<meta name=\"twitter:label1\" content=\"Est. reading time\" \/>\n\t<meta name=\"twitter:data1\" content=\"3 minutes\" \/>\n<script type=\"application\/ld+json\" class=\"yoast-schema-graph\">{\"@context\":\"https:\\\/\\\/schema.org\",\"@graph\":[{\"@type\":\"WebPage\",\"@id\":\"https:\\\/\\\/jimenez-campillo.com\\\/politica-de-privacidad\",\"url\":\"https:\\\/\\\/jimenez-campillo.com\\\/politica-de-privacidad\",\"name\":\"Pol\u00edtica de privacidad - Jim\u00e9nez Campillo Y Asociados\",\"isPartOf\":{\"@id\":\"https:\\\/\\\/jimenez-campillo.com\\\/#website\"},\"datePublished\":\"2023-05-15T12:49:16+00:00\",\"dateModified\":\"2026-01-30T15:23:10+00:00\",\"breadcrumb\":{\"@id\":\"https:\\\/\\\/jimenez-campillo.com\\\/politica-de-privacidad#breadcrumb\"},\"inLanguage\":\"en-US\",\"potentialAction\":[{\"@type\":\"ReadAction\",\"target\":[\"https:\\\/\\\/jimenez-campillo.com\\\/politica-de-privacidad\"]}]},{\"@type\":\"BreadcrumbList\",\"@id\":\"https:\\\/\\\/jimenez-campillo.com\\\/politica-de-privacidad#breadcrumb\",\"itemListElement\":[{\"@type\":\"ListItem\",\"position\":1,\"name\":\"Portada\",\"item\":\"https:\\\/\\\/jimenez-campillo.com\\\/\"},{\"@type\":\"ListItem\",\"position\":2,\"name\":\"Pol\u00edtica de privacidad\"}]},{\"@type\":\"WebSite\",\"@id\":\"https:\\\/\\\/jimenez-campillo.com\\\/#website\",\"url\":\"https:\\\/\\\/jimenez-campillo.com\\\/\",\"name\":\"Jim\u00e9nez Campillo Y Asociados\",\"description\":\"Estudios Jur\u00eddicos S L P\",\"publisher\":{\"@id\":\"https:\\\/\\\/jimenez-campillo.com\\\/#organization\"},\"potentialAction\":[{\"@type\":\"SearchAction\",\"target\":{\"@type\":\"EntryPoint\",\"urlTemplate\":\"https:\\\/\\\/jimenez-campillo.com\\\/?s={search_term_string}\"},\"query-input\":{\"@type\":\"PropertyValueSpecification\",\"valueRequired\":true,\"valueName\":\"search_term_string\"}}],\"inLanguage\":\"en-US\"},{\"@type\":\"Organization\",\"@id\":\"https:\\\/\\\/jimenez-campillo.com\\\/#organization\",\"name\":\"Jim\u00e9nez Campillo Y Asociados\",\"url\":\"https:\\\/\\\/jimenez-campillo.com\\\/\",\"logo\":{\"@type\":\"ImageObject\",\"inLanguage\":\"en-US\",\"@id\":\"https:\\\/\\\/jimenez-campillo.com\\\/#\\\/schema\\\/logo\\\/image\\\/\",\"url\":\"https:\\\/\\\/jimenez-campillo.com\\\/wp-content\\\/uploads\\\/2023\\\/07\\\/cropped-logo-theme.png\",\"contentUrl\":\"https:\\\/\\\/jimenez-campillo.com\\\/wp-content\\\/uploads\\\/2023\\\/07\\\/cropped-logo-theme.png\",\"width\":480,\"height\":520,\"caption\":\"Jim\u00e9nez Campillo Y Asociados\"},\"image\":{\"@id\":\"https:\\\/\\\/jimenez-campillo.com\\\/#\\\/schema\\\/logo\\\/image\\\/\"}}]}<\/script>\n<!-- \/ Yoast SEO plugin. -->","yoast_head_json":{"title":"Pol\u00edtica de privacidad - Jim\u00e9nez Campillo Y Asociados","robots":{"index":"index","follow":"follow","max-snippet":"max-snippet:-1","max-image-preview":"max-image-preview:large","max-video-preview":"max-video-preview:-1"},"canonical":"https:\/\/jimenez-campillo.com\/en\/politica-de-privacidad\/","og_locale":"en_US","og_type":"article","og_title":"Pol\u00edtica de privacidad - Jim\u00e9nez Campillo Y Asociados","og_description":"Pol\u00edtica de privacidad POL\u00cdTICA DE PRIVACIDAD 1. Responsable del tratamiento En cumplimiento del Reglamento (UE) 2016\/679 (RGPD) y de la Ley Org\u00e1nica 3\/2018 (LOPDGDD), se informa de que: Responsable:&nbsp;Jimenez Campillo SLP Correo electr\u00f3nico:&nbsp;leticia@jimenez-campillo.com Tel\u00e9fono:&nbsp;941 24 77 91 \/ 619 58 91 25 Sitio web:&nbsp;https:\/\/jimenez-campillo.com\/ Esta pol\u00edtica es aplicable a todos los tratamientos de datos realizados [&hellip;]","og_url":"https:\/\/jimenez-campillo.com\/en\/politica-de-privacidad\/","og_site_name":"Jim\u00e9nez Campillo Y Asociados","article_modified_time":"2026-01-30T15:23:10+00:00","twitter_card":"summary_large_image","twitter_misc":{"Est. reading time":"3 minutes"},"schema":{"@context":"https:\/\/schema.org","@graph":[{"@type":"WebPage","@id":"https:\/\/jimenez-campillo.com\/politica-de-privacidad","url":"https:\/\/jimenez-campillo.com\/politica-de-privacidad","name":"Pol\u00edtica de privacidad - Jim\u00e9nez Campillo Y Asociados","isPartOf":{"@id":"https:\/\/jimenez-campillo.com\/#website"},"datePublished":"2023-05-15T12:49:16+00:00","dateModified":"2026-01-30T15:23:10+00:00","breadcrumb":{"@id":"https:\/\/jimenez-campillo.com\/politica-de-privacidad#breadcrumb"},"inLanguage":"en-US","potentialAction":[{"@type":"ReadAction","target":["https:\/\/jimenez-campillo.com\/politica-de-privacidad"]}]},{"@type":"BreadcrumbList","@id":"https:\/\/jimenez-campillo.com\/politica-de-privacidad#breadcrumb","itemListElement":[{"@type":"ListItem","position":1,"name":"Portada","item":"https:\/\/jimenez-campillo.com\/"},{"@type":"ListItem","position":2,"name":"Pol\u00edtica de privacidad"}]},{"@type":"WebSite","@id":"https:\/\/jimenez-campillo.com\/#website","url":"https:\/\/jimenez-campillo.com\/","name":"Jim\u00e9nez Campillo Y Asociados","description":"Estudios Jur\u00eddicos S L P","publisher":{"@id":"https:\/\/jimenez-campillo.com\/#organization"},"potentialAction":[{"@type":"SearchAction","target":{"@type":"EntryPoint","urlTemplate":"https:\/\/jimenez-campillo.com\/?s={search_term_string}"},"query-input":{"@type":"PropertyValueSpecification","valueRequired":true,"valueName":"search_term_string"}}],"inLanguage":"en-US"},{"@type":"Organization","@id":"https:\/\/jimenez-campillo.com\/#organization","name":"Jim\u00e9nez Campillo Y Asociados","url":"https:\/\/jimenez-campillo.com\/","logo":{"@type":"ImageObject","inLanguage":"en-US","@id":"https:\/\/jimenez-campillo.com\/#\/schema\/logo\/image\/","url":"https:\/\/jimenez-campillo.com\/wp-content\/uploads\/2023\/07\/cropped-logo-theme.png","contentUrl":"https:\/\/jimenez-campillo.com\/wp-content\/uploads\/2023\/07\/cropped-logo-theme.png","width":480,"height":520,"caption":"Jim\u00e9nez Campillo Y Asociados"},"image":{"@id":"https:\/\/jimenez-campillo.com\/#\/schema\/logo\/image\/"}}]}},"_links":{"self":[{"href":"https:\/\/jimenez-campillo.com\/en\/wp-json\/wp\/v2\/pages\/1013","targetHints":{"allow":["GET"]}}],"collection":[{"href":"https:\/\/jimenez-campillo.com\/en\/wp-json\/wp\/v2\/pages"}],"about":[{"href":"https:\/\/jimenez-campillo.com\/en\/wp-json\/wp\/v2\/types\/page"}],"author":[{"embeddable":true,"href":"https:\/\/jimenez-campillo.com\/en\/wp-json\/wp\/v2\/users\/1"}],"replies":[{"embeddable":true,"href":"https:\/\/jimenez-campillo.com\/en\/wp-json\/wp\/v2\/comments?post=1013"}],"version-history":[{"count":0,"href":"https:\/\/jimenez-campillo.com\/en\/wp-json\/wp\/v2\/pages\/1013\/revisions"}],"wp:attachment":[{"href":"https:\/\/jimenez-campillo.com\/en\/wp-json\/wp\/v2\/media?parent=1013"}],"curies":[{"name":"wp","href":"https:\/\/api.w.org\/{rel}","templated":true}]}}